{"id":24,"date":"2024-02-07T14:15:11","date_gmt":"2024-02-07T14:15:11","guid":{"rendered":"https:\/\/chaire-energie.bordeaux-inp.fr\/?page_id=24"},"modified":"2024-04-19T09:51:38","modified_gmt":"2024-04-19T09:51:38","slug":"description-du-projet","status":"publish","type":"page","link":"https:\/\/chaire-energie.bordeaux-inp.fr\/index.php\/description-du-projet\/","title":{"rendered":"Description du projet"},"content":{"rendered":"\n<div class=\"wp-block-group is-vertical is-content-justification-center is-layout-flex wp-container-core-group-layout-1 wp-block-group-is-layout-flex\">\n<h1 class=\"wp-block-heading has-text-align-center is-layout-flow wp-block-heading-is-layout-flow\">Syst\u00e8mes \u00e9nerg\u00e9tiques complexes soutenables par le calcul num\u00e9rique<\/h1>\n\n\n\n<hr class=\"wp-block-separator has-alpha-channel-opacity\"\/>\n\n\n\n<h2 class=\"wp-block-heading has-text-align-center is-style-default has-large-font-size\"><em>\u00c9nergies renouvelables &#8211; Soutenabilit\u00e9 &#8211; Sobri\u00e9t\u00e9<\/em><\/h2>\n<\/div>\n\n\n\n<div class=\"wp-block-gutena-tabs gutena-tabs-block gutena-tabs-block-8e3bc5-15\"><ul class=\"gutena-tabs-tab tab-center\"><li class=\"gutena-tab-title active\" data-tab=\"1\"><div class=\"gutena-tab-title-content icon-top\"><div class=\"gutena-tab-title-text\"><div>Objectifs<\/div><\/div><\/div><\/li><li class=\"gutena-tab-title inactive\" data-tab=\"2\"><div class=\"gutena-tab-title-content icon-top\"><div class=\"gutena-tab-title-text\"><div>Principe<\/div><\/div><\/div><\/li><li class=\"gutena-tab-title inactive\" data-tab=\"3\"><div class=\"gutena-tab-title-content icon-top\"><div class=\"gutena-tab-title-text\"><div>Activit\u00e9s<\/div><\/div><\/div><\/li><li class=\"gutena-tab-title inactive\" data-tab=\"4\"><div class=\"gutena-tab-title-content icon-top\"><div class=\"gutena-tab-title-text\"><div>Soutenabilit\u00e9 du num\u00e9rique<\/div><\/div><\/div><\/li><li class=\"gutena-tab-title inactive\" data-tab=\"5\"><div class=\"gutena-tab-title-content icon-top\"><div class=\"gutena-tab-title-text\"><div>Illustrations<\/div><\/div><\/div><\/li><\/ul><div class=\"gutena-tabs-content has-global-padding is-content-justification-center is-layout-constrained wp-block-tabs-is-layout-constrained\">\n<div class=\"wp-block-gutena-tab gutena-tab-block gutena-tab-block-c4bfab-0e active\" data-tab=\"1\">\n<h3 class=\"wp-block-heading has-base-2-color has-text-color has-link-color wp-elements-49e2c809ea99eeb6aed8b214e47b3a56\"><strong>Objectif principal<\/strong><\/h3>\n\n\n\n<p>Participer \u00e0 l\u2019effort d\u2019<strong>optimisation des syst\u00e8mes \u00e9nerg\u00e9tiques complexes soutenables gr\u00e2ce au calcul num\u00e9rique<\/strong>, aupr\u00e8s des \u00e9tudiant\u00b7e\u00b7s et des chercheur\u00b7se\u00b7s, pour l\u2019industrie et la soci\u00e9t\u00e9.<\/p>\n\n\n\n<h3 class=\"wp-block-heading has-base-2-color has-text-color has-link-color wp-elements-0b631c3a3c6472699045cd39342c8adb\">Sous-objectifs<\/h3>\n\n\n\n<ol>\n<li>Le <strong>d\u00e9veloppement de l\u2019offre de formation<\/strong> du campus sur les \u00e9nergies, le fonctionnement et la conception des syst\u00e8mes \u00e9nerg\u00e9tiques et la soutenabilit\u00e9 de ceux-ci ;<\/li>\n\n\n\n<li>La mise en place de <strong>lieux et de temps d\u2019\u00e9changes r\u00e9guliers entre industriels, chercheur\u00b7se\u00b7s<\/strong> et <strong>\u00e9tudiant\u00b7e\u00b7s <\/strong>du domaine ;<\/li>\n\n\n\n<li>La stimulation de la r\u00e9alisation de <strong>projets<\/strong> (<strong>prototypes physiques, jumeaux num\u00e9riques<\/strong>) par les \u00e9tudiant\u00b7e\u00b7s ;<\/li>\n\n\n\n<li>L\u2019accompagnement et le financement de <strong>stages applicatifs et travaux de recherche<\/strong> (post-doc, ing\u00e9nierie) en laboratoire ;<\/li>\n\n\n\n<li>La <strong>consolidation des connaissances et des outils de recherche &amp; d\u00e9veloppement<\/strong>, \u00e0  destination des industriels et chercheur\u00b7se\u00b7s ;<\/li>\n\n\n\n<li>La <strong>transmission et la diffusion<\/strong> de l\u2019expertise technique et scientifique du campus.<\/li>\n<\/ol>\n<\/div>\n\n\n\n<div class=\"wp-block-gutena-tab gutena-tab-block gutena-tab-block-a9cb3e-68 inactive\" data-tab=\"2\">\n<div class=\"wp-block-group has-global-padding is-layout-constrained wp-block-group-is-layout-constrained\">\n<h3 class=\"wp-block-heading has-base-2-color has-text-color has-link-color wp-elements-d5e67b8e50873535e1f76b134d17abda\"><strong>Transformation<\/strong> des \u00c9nergies <\/h3>\n\n\n\n<div class=\"wp-block-group is-content-justification-center is-layout-flex wp-container-core-group-layout-2 wp-block-group-is-layout-flex\">\n<figure class=\"wp-block-image size-full is-resized\"><img loading=\"lazy\" decoding=\"async\" width=\"512\" height=\"512\" src=\"https:\/\/chaire-energie.bordeaux-inp.fr\/wp-content\/uploads\/2024\/02\/solar-house.png\" alt=\"\" class=\"wp-image-56\" style=\"width:auto;height:70px\" srcset=\"https:\/\/chaire-energie.bordeaux-inp.fr\/wp-content\/uploads\/2024\/02\/solar-house.png 512w, https:\/\/chaire-energie.bordeaux-inp.fr\/wp-content\/uploads\/2024\/02\/solar-house-300x300.png 300w, https:\/\/chaire-energie.bordeaux-inp.fr\/wp-content\/uploads\/2024\/02\/solar-house-150x150.png 150w\" sizes=\"(max-width: 512px) 100vw, 512px\" \/><\/figure>\n\n\n\n<figure class=\"wp-block-image size-full is-resized\"><img loading=\"lazy\" decoding=\"async\" width=\"512\" height=\"512\" src=\"https:\/\/chaire-energie.bordeaux-inp.fr\/wp-content\/uploads\/2024\/02\/wind-power_01.png\" alt=\"\" class=\"wp-image-57\" style=\"width:auto;height:70px\" srcset=\"https:\/\/chaire-energie.bordeaux-inp.fr\/wp-content\/uploads\/2024\/02\/wind-power_01.png 512w, https:\/\/chaire-energie.bordeaux-inp.fr\/wp-content\/uploads\/2024\/02\/wind-power_01-300x300.png 300w, https:\/\/chaire-energie.bordeaux-inp.fr\/wp-content\/uploads\/2024\/02\/wind-power_01-150x150.png 150w\" sizes=\"(max-width: 512px) 100vw, 512px\" \/><\/figure>\n\n\n\n<figure class=\"wp-block-image size-full is-resized\"><img loading=\"lazy\" decoding=\"async\" width=\"512\" height=\"512\" src=\"https:\/\/chaire-energie.bordeaux-inp.fr\/wp-content\/uploads\/2024\/02\/hydrogen.png\" alt=\"\" class=\"wp-image-58\" style=\"width:auto;height:70px\" srcset=\"https:\/\/chaire-energie.bordeaux-inp.fr\/wp-content\/uploads\/2024\/02\/hydrogen.png 512w, https:\/\/chaire-energie.bordeaux-inp.fr\/wp-content\/uploads\/2024\/02\/hydrogen-300x300.png 300w, https:\/\/chaire-energie.bordeaux-inp.fr\/wp-content\/uploads\/2024\/02\/hydrogen-150x150.png 150w\" sizes=\"(max-width: 512px) 100vw, 512px\" \/><\/figure>\n\n\n\n<figure class=\"wp-block-image size-full is-resized\"><img loading=\"lazy\" decoding=\"async\" width=\"512\" height=\"512\" src=\"https:\/\/chaire-energie.bordeaux-inp.fr\/wp-content\/uploads\/2024\/02\/accumulator.png\" alt=\"\" class=\"wp-image-59\" style=\"width:auto;height:70px\" srcset=\"https:\/\/chaire-energie.bordeaux-inp.fr\/wp-content\/uploads\/2024\/02\/accumulator.png 512w, https:\/\/chaire-energie.bordeaux-inp.fr\/wp-content\/uploads\/2024\/02\/accumulator-300x300.png 300w, https:\/\/chaire-energie.bordeaux-inp.fr\/wp-content\/uploads\/2024\/02\/accumulator-150x150.png 150w\" sizes=\"(max-width: 512px) 100vw, 512px\" \/><\/figure>\n\n\n\n<figure class=\"wp-block-image size-full is-resized\"><img loading=\"lazy\" decoding=\"async\" width=\"512\" height=\"512\" src=\"https:\/\/chaire-energie.bordeaux-inp.fr\/wp-content\/uploads\/2024\/02\/electric-carB.png\" alt=\"\" class=\"wp-image-60\" style=\"width:auto;height:70px\" srcset=\"https:\/\/chaire-energie.bordeaux-inp.fr\/wp-content\/uploads\/2024\/02\/electric-carB.png 512w, https:\/\/chaire-energie.bordeaux-inp.fr\/wp-content\/uploads\/2024\/02\/electric-carB-300x300.png 300w, https:\/\/chaire-energie.bordeaux-inp.fr\/wp-content\/uploads\/2024\/02\/electric-carB-150x150.png 150w\" sizes=\"(max-width: 512px) 100vw, 512px\" \/><\/figure>\n\n\n\n<figure class=\"wp-block-image size-full is-resized\"><img loading=\"lazy\" decoding=\"async\" width=\"512\" height=\"512\" src=\"https:\/\/chaire-energie.bordeaux-inp.fr\/wp-content\/uploads\/2024\/02\/heating.png\" alt=\"\" class=\"wp-image-61\" style=\"width:auto;height:70px\" srcset=\"https:\/\/chaire-energie.bordeaux-inp.fr\/wp-content\/uploads\/2024\/02\/heating.png 512w, https:\/\/chaire-energie.bordeaux-inp.fr\/wp-content\/uploads\/2024\/02\/heating-300x300.png 300w, https:\/\/chaire-energie.bordeaux-inp.fr\/wp-content\/uploads\/2024\/02\/heating-150x150.png 150w\" sizes=\"(max-width: 512px) 100vw, 512px\" \/><\/figure>\n<\/div>\n\n\n\n<ul>\n<li>\u00c9\u2192\u00e9lectricit\u00e9 ou \u00c9\u2192chaleur ou \u00c9\u2192m\u00e9canique<\/li>\n\n\n\n<li><strong>Optimisation<\/strong> des syst\u00e8mes technologiques <strong>actuels bas-carbone<\/strong><\/li>\n\n\n\n<li>\u00c9olien, hydrog\u00e8ne, marin, turbine, photovolta\u00efque, pile \u00e0 combustible, batterie, stockage, g\u00e9othermie, vapeur, pompe-\u00e0-chaleur, biomasse, biocarburants, nucl\u00e9aire<\/li>\n<\/ul>\n\n\n\n<h3 class=\"wp-block-heading has-base-2-color has-text-color has-link-color wp-elements-ac025ae4fd8c663fe430a7362c191ca2\">\u2026 par la <strong>Simulation<\/strong> (<strong>physique \u2192 mod\u00e8les \u2192 calculs)<\/strong><\/h3>\n\n\n\n<div class=\"wp-block-group is-content-justification-center is-layout-flex wp-container-core-group-layout-3 wp-block-group-is-layout-flex\">\n<figure class=\"wp-block-image size-full is-resized\"><img loading=\"lazy\" decoding=\"async\" width=\"512\" height=\"512\" src=\"https:\/\/chaire-energie.bordeaux-inp.fr\/wp-content\/uploads\/2024\/02\/physics.png\" alt=\"\" class=\"wp-image-132\" style=\"width:auto;height:70px\" srcset=\"https:\/\/chaire-energie.bordeaux-inp.fr\/wp-content\/uploads\/2024\/02\/physics.png 512w, https:\/\/chaire-energie.bordeaux-inp.fr\/wp-content\/uploads\/2024\/02\/physics-300x300.png 300w, https:\/\/chaire-energie.bordeaux-inp.fr\/wp-content\/uploads\/2024\/02\/physics-150x150.png 150w\" sizes=\"(max-width: 512px) 100vw, 512px\" \/><\/figure>\n\n\n\n<figure class=\"wp-block-image size-full is-resized\"><img loading=\"lazy\" decoding=\"async\" width=\"16\" height=\"13\" src=\"https:\/\/chaire-energie.bordeaux-inp.fr\/wp-content\/uploads\/2024\/02\/arrows_01c.svg\" alt=\"\" class=\"wp-image-140\" style=\"width:auto;height:35px\"\/><\/figure>\n\n\n\n<figure class=\"wp-block-image size-full is-resized\"><img loading=\"lazy\" decoding=\"async\" width=\"372\" height=\"373\" src=\"https:\/\/chaire-energie.bordeaux-inp.fr\/wp-content\/uploads\/2024\/02\/maths.png\" alt=\"\" class=\"wp-image-135\" style=\"width:auto;height:70px\" srcset=\"https:\/\/chaire-energie.bordeaux-inp.fr\/wp-content\/uploads\/2024\/02\/maths.png 372w, https:\/\/chaire-energie.bordeaux-inp.fr\/wp-content\/uploads\/2024\/02\/maths-300x300.png 300w, https:\/\/chaire-energie.bordeaux-inp.fr\/wp-content\/uploads\/2024\/02\/maths-150x150.png 150w\" sizes=\"(max-width: 372px) 100vw, 372px\" \/><\/figure>\n\n\n\n<figure class=\"wp-block-image size-full is-resized\"><img loading=\"lazy\" decoding=\"async\" width=\"16\" height=\"13\" src=\"https:\/\/chaire-energie.bordeaux-inp.fr\/wp-content\/uploads\/2024\/02\/arrows_01c.svg\" alt=\"\" class=\"wp-image-140\" style=\"width:auto;height:35px\"\/><\/figure>\n\n\n\n<figure class=\"wp-block-image size-full is-resized\"><img loading=\"lazy\" decoding=\"async\" width=\"512\" height=\"512\" src=\"https:\/\/chaire-energie.bordeaux-inp.fr\/wp-content\/uploads\/2024\/02\/technology.png\" alt=\"\" class=\"wp-image-134\" style=\"width:auto;height:70px\" srcset=\"https:\/\/chaire-energie.bordeaux-inp.fr\/wp-content\/uploads\/2024\/02\/technology.png 512w, https:\/\/chaire-energie.bordeaux-inp.fr\/wp-content\/uploads\/2024\/02\/technology-300x300.png 300w, https:\/\/chaire-energie.bordeaux-inp.fr\/wp-content\/uploads\/2024\/02\/technology-150x150.png 150w\" sizes=\"(max-width: 512px) 100vw, 512px\" \/><\/figure>\n\n\n\n<figure class=\"wp-block-image size-full is-resized\"><img loading=\"lazy\" decoding=\"async\" width=\"16\" height=\"13\" src=\"https:\/\/chaire-energie.bordeaux-inp.fr\/wp-content\/uploads\/2024\/02\/arrows_01c.svg\" alt=\"\" class=\"wp-image-140\" style=\"width:auto;height:35px\"\/><\/figure>\n\n\n\n<figure class=\"wp-block-image size-full is-resized\"><img loading=\"lazy\" decoding=\"async\" width=\"512\" height=\"512\" src=\"https:\/\/chaire-energie.bordeaux-inp.fr\/wp-content\/uploads\/2024\/02\/robotic-hand.png\" alt=\"\" class=\"wp-image-133\" style=\"width:auto;height:70px\" srcset=\"https:\/\/chaire-energie.bordeaux-inp.fr\/wp-content\/uploads\/2024\/02\/robotic-hand.png 512w, https:\/\/chaire-energie.bordeaux-inp.fr\/wp-content\/uploads\/2024\/02\/robotic-hand-300x300.png 300w, https:\/\/chaire-energie.bordeaux-inp.fr\/wp-content\/uploads\/2024\/02\/robotic-hand-150x150.png 150w\" sizes=\"(max-width: 512px) 100vw, 512px\" \/><\/figure>\n<\/div>\n\n\n\n<ul>\n<li>Probl\u00e8mes physiques <strong>complexes<\/strong><\/li>\n\n\n\n<li>Codes de <strong>calcul 3D<\/strong> \u2192 codes \u201d<strong>syst\u00e8me<\/strong>\u201d<\/li>\n\n\n\n<li>J<strong>umeaux virtuels<\/strong><\/li>\n<\/ul>\n\n\n\n<h3 class=\"wp-block-heading has-base-2-color has-text-color has-link-color wp-elements-f9e98bb49b944dd6b13409c210dab98e\">\u2026 <strong>Soutenable<\/strong><\/h3>\n\n\n\n<ul>\n<li>Bilan CO2 \/ environnemental <strong>tr\u00e8s favorable<\/strong> (ACV)<\/li>\n\n\n\n<li>Simulations <strong>raisonn\u00e9es<\/strong> (co\u00fbt R&amp;D \u226a gain d&#8217;efficacit\u00e9)<\/li>\n<\/ul>\n<\/div>\n\n\n\n<hr class=\"wp-block-separator has-text-color has-base-2-color has-alpha-channel-opacity has-base-2-background-color has-background is-style-wide\"\/>\n\n\n\n<figure class=\"wp-block-image size-large\"><img decoding=\"async\"  src=\"https:\/\/chaire-energie.bordeaux-inp.fr\/wp-content\/uploads\/2024\/02\/Chaire-Energie-SENSCAN-CR-EMMK-2023.12.014.svg\" alt=\"\" class=\"wp-image-11\"\/><\/figure>\n\n\n\n<hr class=\"wp-block-separator has-text-color has-base-2-color has-alpha-channel-opacity has-base-2-background-color has-background is-style-wide\"\/>\n\n\n\n<details class=\"wp-block-details is-style-default has-base-2-color has-text-color has-link-color has-large-font-size wp-elements-d1f92873297809c150dc348fa105d093 is-layout-flow wp-container-core-details-layout-1 wp-block-details-is-layout-flow\" style=\"border-style:none;border-width:0px\"><summary>Structuration du projet<\/summary>\n<div class=\"wp-block-group has-text-color has-link-color has-medium-font-size wp-elements-542d3a28c3bb02a8422336646dcd125c is-vertical is-layout-flex wp-container-core-group-layout-5 wp-block-group-is-layout-flex\" style=\"color:#000000\">\n<h3 class=\"wp-block-heading has-base-2-color has-text-color has-link-color wp-elements-1003a91cd4bf13eb8a1b11fe554226b1\">2 th\u00e9matiques<\/h3>\n\n\n\n<ul>\n<li>A1 : Physique, mod\u00e9lisation et conception des syst\u00e8mes \u00e9nerg\u00e9tiques<\/li>\n\n\n\n<li>A2 : Outils de calcul et simulation num\u00e9rique<\/li>\n<\/ul>\n\n\n\n<h3 class=\"wp-block-heading has-base-2-color has-text-color has-link-color wp-elements-f68f0f140df3d9dc101907574eba1114\">3 espaces de moyens d&#8217;actions (workpackages)<\/h3>\n\n\n\n<ul>\n<li>WP1 : Connaissances th\u00e9oriques et fondamentales<\/li>\n\n\n\n<li>WP2 : Applications et projets<\/li>\n\n\n\n<li>WP3 : Consolidation et communication<\/li>\n<\/ul>\n\n\n\n<h3 class=\"wp-block-heading has-base-2-color has-text-color has-link-color wp-elements-7e9d5c48bd4d38b06a57be9f2d9b8d70\">3 contextes<\/h3>\n\n\n\n<ul>\n<li>C1 : P\u00e9dagogique (\u00e9coles, universit\u00e9)<\/li>\n\n\n\n<li>C2 : Recherche (laboratoires)<\/li>\n\n\n\n<li>C3 : Partage du savoir et transfert<\/li>\n<\/ul>\n<\/div>\n<\/details>\n<\/div>\n\n\n\n<div class=\"wp-block-gutena-tab gutena-tab-block gutena-tab-block-fa5ad6-ed inactive\" data-tab=\"3\">\n<div class=\"wp-block-group is-vertical is-layout-flex wp-container-core-group-layout-6 wp-block-group-is-layout-flex\">\n<h3 class=\"wp-block-heading has-base-2-color has-text-color has-link-color wp-elements-640a9627542de707ddb156e01c1a0340\">T1 &#8211; <strong>Certificat \u00c9nergie<\/strong><\/h3>\n\n\n\n<p class=\"has-text-align-left\">Montage d\u2019un certificat \u00e0 l\u2019\u00e9cole ENSEIRB-MATMECA valorisant l\u2019exp\u00e9rience et l\u2019engagement d\u2019une partie des \u00e9tudiant\u00b7e\u00b7s. Cela se traduira par le choix de cours sp\u00e9cifiques (existants ou nouvellement d\u00e9velopp\u00e9s), stages et projets cibl\u00e9s, des workshops d\u2019expert\u00b7e\u00b7s industriel\u00b7le\u00b7s ainsi que des visites de sites industriels.<\/p>\n\n\n\n<h3 class=\"wp-block-heading has-base-2-color has-text-color has-link-color wp-elements-3991a92fc5d060b14305853c8cf2691b\">T2 &#8211; <strong>En\u00b7exp<\/strong><\/h3>\n\n\n\n<p class=\"has-text-align-left\">S\u00e9minaires, conf\u00e9rences et tables rondes d&#8217;invit\u00e9\u00b7es expertes du domaine (acad\u00e9mie, industrie ou conseil), nationaux et internationaux, pour parler et \u00e9changer sur les technologies d&#8217;\u00e9nergies renouvelables, la transition \u00e9nerg\u00e9tique, la simulation num\u00e9rique et les mod\u00e8les, etc. Ces \u00e9v\u00e9nements seront ouverts aux \u00e9coles de Bordeaux INP, Licences et Masters de l&#8217;Universit\u00e9 de Bordeaux ainsi qu&#8217;au grand public.<\/p>\n\n\n\n<h3 class=\"wp-block-heading has-base-2-color has-text-color has-link-color wp-elements-0b38b2a7acb1669126cbbb2ad76839b3\">T3 &#8211; <strong>En\u00b7nov<\/strong><\/h3>\n\n\n\n<p class=\"has-text-align-left\">Accompagnement technique et financier de projets \u00e9tudiants (p\u00e9dagogiques, associatifs, entrepreneuriaux) pour le d\u00e9veloppement de d\u00e9monstrateurs\/prototypes\/jumeaux num\u00e9riques de syst\u00e8mes \u00e9nerg\u00e9tiques. C\u2019est un lieu o\u00f9 les apprenant\u00b7e\u00b7s et enseignant\u00b7e\u00b7s pourront trouver du conseil et aide au montage et \u00e0 la r\u00e9alisation de leur projet, via un encadrement approfondi (p\u00e9dagogique et\/ou industriel) et des appels \u00e0 projets financ\u00e9s. Le Fab\u2019Lab (ENSEIRB-MATMECA) et l\u2019incubateur INPulse (Bordeaux INP) pourront y participer.<\/p>\n\n\n\n<h3 class=\"wp-block-heading has-base-2-color has-text-color has-link-color wp-elements-17fa9e2876ae8ec15eb00af6cc153213\">T4 &#8211; <strong>En\u00b7sci<\/strong><\/h3>\n\n\n\n<p class=\"has-text-align-left\">Mise en place d\u2019une base bibliographique, d\u2019outils de simulation et de donn\u00e9es de r\u00e9f\u00e9rence (\u00ab benchmarks \u00bb) et publication d\u2019articles, accessibles ouvertement et mis en valeur (site web d\u00e9di\u00e9). Cette t\u00e2che inclut la participation \u00e0 des workshops pour \u00e9tudiant\u00b7e\u00b7s et&nbsp; chercheurs\u00b7se\u00b7s. Elle vise aussi le montage de projets communs laboratoires et industries en facilitant la mise en relation des acteurs dans un cadre scientifique.<\/p>\n\n\n\n<h3 class=\"wp-block-heading has-base-2-color has-text-color has-link-color wp-elements-f2ec6b8183d0032a65d27d6c4ea934fc\">T5 &#8211; <strong>En\u00b7lab<\/strong><\/h3>\n\n\n\n<p class=\"has-text-align-left\">Financement de stages de recherche et post-docs\/ing\u00e9nieur\u00b7e\u00b7s fl\u00e9ch\u00e9s &#8211; en cotutelle ou non avec des industriels \u2013 pour des \u00e9tudiant\u00b7e\u00b7s issu\u00b7e\u00b7s du campus ou pour des profils ext\u00e9rieurs d\u2019excellence.<\/p>\n\n\n\n<h3 class=\"wp-block-heading has-base-2-color has-text-color has-link-color wp-elements-991dd4637f88bf9d4809231f9208c0b8\">T6 &#8211; <strong>En\u00b7com<\/strong><\/h3>\n\n\n\n<p class=\"has-text-align-left\">Partage, communications, vulgarisation scientifique (articles, initiation \u00e0 l\u2019\u00e9nergie ou au calcul, etc.) et d\u00e9monstrations (prototypes physiques ou num\u00e9riques) \u00e0 destination du grand public (site web, presse, intervention aupr\u00e8s d\u2019associations et collectivit\u00e9s).<\/p>\n<\/div>\n<\/div>\n\n\n\n<div class=\"wp-block-gutena-tab gutena-tab-block gutena-tab-block-86fbdc-a8 inactive\" data-tab=\"4\">\n<p>La soutenabilit\u00e9 est le crit\u00e8re inh\u00e9rent au projet. Celui-ci sera imp\u00e9rativement int\u00e9gr\u00e9 \u00e0 toutes les activit\u00e9s, au c\u0153ur des deux axes th\u00e9matiques.<\/p>\n\n\n\n<p>Les syst\u00e8mes \u00e9nerg\u00e9tiques consid\u00e9r\u00e9s sont ceux pouvant agir concr\u00e8tement et directement \u00e0 l\u2019atteinte des objectifs de <strong>faible impact carbone<\/strong> (dont une liste, non exhaustive, a \u00e9t\u00e9 \u00e9labor\u00e9e dans le contexte).<\/p>\n\n\n\n<p>Du point de vue des calculs et de la simulation num\u00e9rique, il est imp\u00e9ratif que les d\u00e9marches propos\u00e9es incluent la ma\u00eetrise de leurs impacts environnementaux, notamment en termes d\u2019\u00e9missions de GES, a minima du point de vue des ressources engag\u00e9es pour leur r\u00e9alisation. La minimisation de l\u2019utilisation des ressources pour r\u00e9aliser une \u00e9tude d\u2019ing\u00e9nierie fait partie d\u2019une <strong>strat\u00e9gie de calcul responsable<\/strong> et est incluse dans nos crit\u00e8res d\u2019\u00e9valuation. Aussi, les outils macroscopiques int\u00e9gr\u00e9s, sur la base des concepts de \u00ab mod\u00e8les r\u00e9duits \u00bb, permettant de r\u00e9duire les co\u00fbts de calcul, font partie des solutions techniques num\u00e9riques l\u00e9gitimes de notre projet.<\/p>\n<\/div>\n\n\n\n<div class=\"wp-block-gutena-tab gutena-tab-block gutena-tab-block-ce411b-94 inactive\" data-tab=\"5\">\n<figure class=\"wp-block-image size-large\"><img decoding=\"async\"  src=\"https:\/\/chaire-energie.bordeaux-inp.fr\/wp-content\/uploads\/2024\/02\/Chaire-Energie-SENSCAN-CR-EMMK-2023.12.011.svg\" alt=\"\" class=\"wp-image-8\"\/><\/figure>\n<\/div>\n<\/div><\/div>\n","protected":false},"excerpt":{"rendered":"<p>Syst\u00e8mes \u00e9nerg\u00e9tiques complexes soutenables par le calcul num\u00e9rique \u00c9nergies renouvelables &#8211; Soutenabilit\u00e9 &#8211; Sobri\u00e9t\u00e9<\/p>\n","protected":false},"author":1,"featured_media":0,"parent":0,"menu_order":0,"comment_status":"closed","ping_status":"closed","template":"page-no-title","meta":{"inline_featured_image":false,"footnotes":""},"_links":{"self":[{"href":"https:\/\/chaire-energie.bordeaux-inp.fr\/index.php\/wp-json\/wp\/v2\/pages\/24"}],"collection":[{"href":"https:\/\/chaire-energie.bordeaux-inp.fr\/index.php\/wp-json\/wp\/v2\/pages"}],"about":[{"href":"https:\/\/chaire-energie.bordeaux-inp.fr\/index.php\/wp-json\/wp\/v2\/types\/page"}],"author":[{"embeddable":true,"href":"https:\/\/chaire-energie.bordeaux-inp.fr\/index.php\/wp-json\/wp\/v2\/users\/1"}],"replies":[{"embeddable":true,"href":"https:\/\/chaire-energie.bordeaux-inp.fr\/index.php\/wp-json\/wp\/v2\/comments?post=24"}],"version-history":[{"count":28,"href":"https:\/\/chaire-energie.bordeaux-inp.fr\/index.php\/wp-json\/wp\/v2\/pages\/24\/revisions"}],"predecessor-version":[{"id":187,"href":"https:\/\/chaire-energie.bordeaux-inp.fr\/index.php\/wp-json\/wp\/v2\/pages\/24\/revisions\/187"}],"wp:attachment":[{"href":"https:\/\/chaire-energie.bordeaux-inp.fr\/index.php\/wp-json\/wp\/v2\/media?parent=24"}],"curies":[{"name":"wp","href":"https:\/\/api.w.org\/{rel}","templated":true}]}}